{"id":185,"date":"2021-09-14T15:33:40","date_gmt":"2021-09-14T13:33:40","guid":{"rendered":"https:\/\/www.ensembleharmoniquestmichel91.fr\/?page_id=185"},"modified":"2023-07-02T14:14:00","modified_gmt":"2023-07-02T12:14:00","slug":"nous-rejoindre-2","status":"publish","type":"page","link":"https:\/\/www.ensembleharmoniquestmichel91.fr\/index.php\/nous-rejoindre-2\/","title":{"rendered":"Nous rejoindre"},"content":{"rendered":"\n<div style=\"height:20px\" aria-hidden=\"true\" class=\"wp-block-spacer\"><\/div>\n\n\n<div class=\"wp-block-image\">\n<figure class=\"aligncenter size-large is-resized\"><img decoding=\"async\" src=\"https:\/\/www.ensembleharmoniquestmichel91.fr\/wp-content\/uploads\/2022\/03\/banniere-ehsmso-1024x320.png\" alt=\"\" class=\"wp-image-827\" width=\"1200\" srcset=\"https:\/\/www.ensembleharmoniquestmichel91.fr\/wp-content\/uploads\/2022\/03\/banniere-ehsmso-1024x320.png 1024w, https:\/\/www.ensembleharmoniquestmichel91.fr\/wp-content\/uploads\/2022\/03\/banniere-ehsmso-600x187.png 600w, https:\/\/www.ensembleharmoniquestmichel91.fr\/wp-content\/uploads\/2022\/03\/banniere-ehsmso-768x240.png 768w, https:\/\/www.ensembleharmoniquestmichel91.fr\/wp-content\/uploads\/2022\/03\/banniere-ehsmso-1536x480.png 1536w, https:\/\/www.ensembleharmoniquestmichel91.fr\/wp-content\/uploads\/2022\/03\/banniere-ehsmso-1140x356.png 1140w, https:\/\/www.ensembleharmoniquestmichel91.fr\/wp-content\/uploads\/2022\/03\/banniere-ehsmso.png 1688w\" sizes=\"(max-width: 1024px) 100vw, 1024px\" \/><\/figure>\n<\/div>\n\n<nav style=\"font-size:17px;\" class=\"has-text-color has-luminous-vivid-orange-color is-responsive items-justified-space-between wp-block-navigation is-horizontal is-content-justification-space-between is-layout-flex wp-container-core-navigation-is-layout-fa30ff44 wp-block-navigation-is-layout-flex\" aria-label=\"Principal\" \n\t\t data-wp-interactive=\"core\/navigation\" data-wp-context='{\"overlayOpenedBy\":{\"click\":false,\"hover\":false,\"focus\":false},\"type\":\"overlay\",\"roleAttribute\":\"\",\"ariaLabel\":\"Menu\"}'><button aria-haspopup=\"dialog\" aria-label=\"Ouvrir le menu\" class=\"wp-block-navigation__responsive-container-open\" \n\t\t\t\tdata-wp-on--click=\"actions.openMenuOnClick\"\n\t\t\t\tdata-wp-on--keydown=\"actions.handleMenuKeydown\"\n\t\t\t><svg width=\"24\" height=\"24\" xmlns=\"http:\/\/www.w3.org\/2000\/svg\" viewBox=\"0 0 24 24\" aria-hidden=\"true\" focusable=\"false\"><path d=\"M4 7.5h16v1.5H4z\"><\/path><path d=\"M4 15h16v1.5H4z\"><\/path><\/svg><\/button>\n\t\t\t\t<div class=\"wp-block-navigation__responsive-container\"  id=\"modal-1\" \n\t\t\t\tdata-wp-class--has-modal-open=\"state.isMenuOpen\"\n\t\t\t\tdata-wp-class--is-menu-open=\"state.isMenuOpen\"\n\t\t\t\tdata-wp-watch=\"callbacks.initMenu\"\n\t\t\t\tdata-wp-on--keydown=\"actions.handleMenuKeydown\"\n\t\t\t\tdata-wp-on--focusout=\"actions.handleMenuFocusout\"\n\t\t\t\ttabindex=\"-1\"\n\t\t\t>\n\t\t\t\t\t<div class=\"wp-block-navigation__responsive-close\" tabindex=\"-1\">\n\t\t\t\t\t\t<div class=\"wp-block-navigation__responsive-dialog\" \n\t\t\t\tdata-wp-bind--aria-modal=\"state.ariaModal\"\n\t\t\t\tdata-wp-bind--aria-label=\"state.ariaLabel\"\n\t\t\t\tdata-wp-bind--role=\"state.roleAttribute\"\n\t\t\t>\n\t\t\t\t\t\t\t<button aria-label=\"Fermer le menu\" class=\"wp-block-navigation__responsive-container-close\" \n\t\t\t\tdata-wp-on--click=\"actions.closeMenuOnClick\"\n\t\t\t><svg xmlns=\"http:\/\/www.w3.org\/2000\/svg\" viewBox=\"0 0 24 24\" width=\"24\" height=\"24\" aria-hidden=\"true\" focusable=\"false\"><path d=\"m13.06 12 6.47-6.47-1.06-1.06L12 10.94 5.53 4.47 4.47 5.53 10.94 12l-6.47 6.47 1.06 1.06L12 13.06l6.47 6.47 1.06-1.06L13.06 12Z\"><\/path><\/svg><\/button>\n\t\t\t\t\t\t\t<div class=\"wp-block-navigation__responsive-container-content\" \n\t\t\t\tdata-wp-watch=\"callbacks.focusFirstElement\"\n\t\t\t id=\"modal-1-content\">\n\t\t\t\t\t\t\t\t<ul style=\"font-size:17px;\" class=\"wp-block-navigation__container has-text-color has-luminous-vivid-orange-color is-responsive items-justified-space-between wp-block-navigation\"><li style=\"font-size: 17px;\" class=\" wp-block-navigation-item wp-block-navigation-link\"><a class=\"wp-block-navigation-item__content\"  href=\"https:\/\/www.ensembleharmoniquestmichel91.fr\/\"><span class=\"wp-block-navigation-item__label\"><strong><em>Accueil<\/em><\/strong><\/span><\/a><\/li><li data-wp-context=\"{ &quot;submenuOpenedBy&quot;: { &quot;click&quot;: false, &quot;hover&quot;: false, &quot;focus&quot;: false }, &quot;type&quot;: &quot;submenu&quot;, &quot;modal&quot;: null, &quot;previousFocus&quot;: null }\" data-wp-interactive=\"core\/navigation\" data-wp-on--focusout=\"actions.handleMenuFocusout\" data-wp-on--keydown=\"actions.handleMenuKeydown\" data-wp-on--mouseenter=\"actions.openMenuOnHover\" data-wp-on--mouseleave=\"actions.closeMenuOnHover\" data-wp-watch=\"callbacks.initMenu\" tabindex=\"-1\" style=\"font-size: 17px;\" class=\"wp-block-navigation-item has-child open-on-hover-click wp-block-navigation-submenu\"><a class=\"wp-block-navigation-item__content\" href=\"https:\/\/www.ensembleharmoniquestmichel91.fr\/index.php\/fiche-signaletique\/\"><span class=\"wp-block-navigation-item__label\">  <strong><em>Qui sommes nous ?<\/em><\/strong><\/span><\/a><button data-wp-bind--aria-expanded=\"state.isMenuOpen\" data-wp-on--click=\"actions.toggleMenuOnClick\" aria-label=\"Sous-menu Qui sommes nous ?\" class=\"wp-block-navigation__submenu-icon wp-block-navigation-submenu__toggle\" ><svg xmlns=\"http:\/\/www.w3.org\/2000\/svg\" width=\"12\" height=\"12\" viewBox=\"0 0 12 12\" fill=\"none\" aria-hidden=\"true\" focusable=\"false\"><path d=\"M1.50002 4L6.00002 8L10.5 4\" stroke-width=\"1.5\"><\/path><\/svg><\/button><ul data-wp-on--focus=\"actions.openMenuOnFocus\" class=\"wp-block-navigation__submenu-container wp-block-navigation-submenu\"><li style=\"font-size: 17px;\" class=\" wp-block-navigation-item wp-block-navigation-link\"><a class=\"wp-block-navigation-item__content\"  href=\"https:\/\/www.ensembleharmoniquestmichel91.fr\/index.php\/notre-histoire\/\"><span class=\"wp-block-navigation-item__label\"><strong><em>Notre histoire<\/em><\/strong><\/span><\/a><\/li><li style=\"font-size: 17px;\" class=\" wp-block-navigation-item wp-block-navigation-link\"><a class=\"wp-block-navigation-item__content\"  href=\"https:\/\/www.ensembleharmoniquestmichel91.fr\/index.php\/nos-prestations-et-enregistrements\/\"><span class=\"wp-block-navigation-item__label\"><strong><em>Nos prestations<\/em><\/strong><\/span><\/a><\/li><\/ul><\/li><li data-wp-context=\"{ &quot;submenuOpenedBy&quot;: { &quot;click&quot;: false, &quot;hover&quot;: false, &quot;focus&quot;: false }, &quot;type&quot;: &quot;submenu&quot;, &quot;modal&quot;: null, &quot;previousFocus&quot;: null }\" data-wp-interactive=\"core\/navigation\" data-wp-on--focusout=\"actions.handleMenuFocusout\" data-wp-on--keydown=\"actions.handleMenuKeydown\" data-wp-on--mouseenter=\"actions.openMenuOnHover\" data-wp-on--mouseleave=\"actions.closeMenuOnHover\" data-wp-watch=\"callbacks.initMenu\" tabindex=\"-1\" style=\"font-size: 17px;\" class=\"wp-block-navigation-item has-child open-on-hover-click wp-block-navigation-submenu\"><a class=\"wp-block-navigation-item__content\" href=\"https:\/\/www.ensembleharmoniquestmichel91.fr\/index.php\/contacts\/\"><span class=\"wp-block-navigation-item__label\"><strong><em>Contacter l\u2019orchestre<\/em><\/strong><\/span><\/a><button data-wp-bind--aria-expanded=\"state.isMenuOpen\" data-wp-on--click=\"actions.toggleMenuOnClick\" aria-label=\"Sous-menu Contacter l\u2019orchestre\" class=\"wp-block-navigation__submenu-icon wp-block-navigation-submenu__toggle\" ><svg xmlns=\"http:\/\/www.w3.org\/2000\/svg\" width=\"12\" height=\"12\" viewBox=\"0 0 12 12\" fill=\"none\" aria-hidden=\"true\" focusable=\"false\"><path d=\"M1.50002 4L6.00002 8L10.5 4\" stroke-width=\"1.5\"><\/path><\/svg><\/button><ul data-wp-on--focus=\"actions.openMenuOnFocus\" class=\"wp-block-navigation__submenu-container wp-block-navigation-submenu\"><li style=\"font-size: 17px;\" class=\" wp-block-navigation-item wp-block-navigation-link\"><a class=\"wp-block-navigation-item__content\"  href=\"https:\/\/www.ensembleharmoniquestmichel91.fr\/index.php\/nous-rejoindre-2\/\"><span class=\"wp-block-navigation-item__label\"><strong><em>Nous rejoindre<\/em><\/strong><\/span><\/a><\/li><\/ul><\/li><li data-wp-context=\"{ &quot;submenuOpenedBy&quot;: { &quot;click&quot;: false, &quot;hover&quot;: false, &quot;focus&quot;: false }, &quot;type&quot;: &quot;submenu&quot;, &quot;modal&quot;: null, &quot;previousFocus&quot;: null }\" data-wp-interactive=\"core\/navigation\" data-wp-on--focusout=\"actions.handleMenuFocusout\" data-wp-on--keydown=\"actions.handleMenuKeydown\" data-wp-on--mouseenter=\"actions.openMenuOnHover\" data-wp-on--mouseleave=\"actions.closeMenuOnHover\" data-wp-watch=\"callbacks.initMenu\" tabindex=\"-1\" style=\"font-size: 17px;\" class=\"wp-block-navigation-item has-child open-on-hover-click wp-block-navigation-submenu\"><a class=\"wp-block-navigation-item__content\" href=\"https:\/\/www.ensembleharmoniquestmichel91.fr\/index.php\/la-fete-des-vents\/\"><span class=\"wp-block-navigation-item__label\"><strong><em>La F\u00eate des Vents\u00ae<\/em><\/strong><\/span><\/a><button data-wp-bind--aria-expanded=\"state.isMenuOpen\" data-wp-on--click=\"actions.toggleMenuOnClick\" aria-label=\"Sous-menu La F\u00eate des Vents\u00ae\" class=\"wp-block-navigation__submenu-icon wp-block-navigation-submenu__toggle\" ><svg xmlns=\"http:\/\/www.w3.org\/2000\/svg\" width=\"12\" height=\"12\" viewBox=\"0 0 12 12\" fill=\"none\" aria-hidden=\"true\" focusable=\"false\"><path d=\"M1.50002 4L6.00002 8L10.5 4\" stroke-width=\"1.5\"><\/path><\/svg><\/button><ul data-wp-on--focus=\"actions.openMenuOnFocus\" class=\"wp-block-navigation__submenu-container wp-block-navigation-submenu\"><li style=\"font-size: 17px;\" class=\" wp-block-navigation-item wp-block-navigation-link\"><a class=\"wp-block-navigation-item__content\"  href=\"https:\/\/www.ensembleharmoniquestmichel91.fr\/index.php\/fete-des-vents-2\/\"><span class=\"wp-block-navigation-item__label\"><strong><em>C\u2019est quoi ?<\/em><\/strong><\/span><\/a><\/li><li style=\"font-size: 17px;\" class=\" wp-block-navigation-item wp-block-navigation-link\"><a class=\"wp-block-navigation-item__content\"  href=\"https:\/\/www.ensembleharmoniquestmichel91.fr\/index.php\/deroulement\/\"><span class=\"wp-block-navigation-item__label\"><strong><em>Infos pratiques<\/em><\/strong><\/span><\/a><\/li><li style=\"font-size: 17px;\" class=\" wp-block-navigation-item wp-block-navigation-link\"><a class=\"wp-block-navigation-item__content\"  href=\"https:\/\/www.ensembleharmoniquestmichel91.fr\/index.php\/partenaires-de-la-fete-des-vents\/\"><span class=\"wp-block-navigation-item__label\"><strong><em>Les Partenaires<\/em><\/strong><\/span><\/a><\/li><\/ul><\/li><li style=\"font-size: 17px;\" class=\" wp-block-navigation-item wp-block-navigation-link\"><a class=\"wp-block-navigation-item__content\"  href=\"https:\/\/www.ensembleharmoniquestmichel91.fr\/index.php\/nos-prochains-concerts-en-2023\/\"><span class=\"wp-block-navigation-item__label\"><strong><em>Prochains concerts<\/em><\/strong> <strong><em>202<\/em>6<\/strong> <\/span><\/a><\/li><li style=\"font-size: 17px;\" class=\" wp-block-navigation-item wp-block-navigation-link\"><a class=\"wp-block-navigation-item__content\"  href=\"https:\/\/www.ensembleharmoniquestmichel91.fr\/index.php\/2024\/02\/13\/lensemble-harmonique-de-saint-michel-vous-presente-son-nouveau-chef\/\"><span class=\"wp-block-navigation-item__label\"><strong>Actualit\u00e9s<\/strong><\/span><\/a><\/li><\/ul>\n\t\t\t\t\t\t\t<\/div>\n\t\t\t\t\t\t<\/div>\n\t\t\t\t\t<\/div>\n\t\t\t\t<\/div><\/nav>\n\n\n<p class=\"has-text-align-left has-large-font-size\"><mark style=\"background-color:rgba(0, 0, 0, 0)\" class=\"has-inline-color has-vivid-red-color\"><strong>Rejoignez nous comme musiciens!<\/strong><\/mark><\/p>\n\n\n\n<div class=\"wp-block-media-text alignwide has-media-on-the-right is-stacked-on-mobile is-vertically-aligned-top\" style=\"grid-template-columns:auto 26%\"><div class=\"wp-block-media-text__content\">\n<p class=\"has-text-align-left has-medium-font-size\"><strong>Tout \u00e2ge et tout niveau accept\u00e9<\/strong> dans les pupitres suivants : trompettes, tubas, euphonium, basses, saxophones, fl\u00fbtes, clarinettes, hautbois, basson<\/p>\n\n\n\n<p class=\"has-text-align-left has-medium-font-size\"><strong>Niveau demand\u00e9 :<\/strong> musiciens sachant lire la musique<\/p>\n<\/div><figure class=\"wp-block-media-text__media\"><img loading=\"lazy\" decoding=\"async\" width=\"640\" height=\"480\" src=\"https:\/\/www.ensembleharmoniquestmichel91.fr\/wp-content\/uploads\/2022\/01\/partition_facebook.jpg\" alt=\"\" class=\"wp-image-402 size-full\" srcset=\"https:\/\/www.ensembleharmoniquestmichel91.fr\/wp-content\/uploads\/2022\/01\/partition_facebook.jpg 640w, https:\/\/www.ensembleharmoniquestmichel91.fr\/wp-content\/uploads\/2022\/01\/partition_facebook-300x225.jpg 300w\" sizes=\"auto, (max-width: 640px) 100vw, 640px\" \/><\/figure><\/div>\n\n\n\n<p class=\"has-vivid-cyan-blue-color has-text-color has-large-font-size\"><strong>R\u00e9pertoire<\/strong><\/p>\n\n\n\n<p>Classique, traditionnelle, jazz, vari\u00e9t\u00e9, musique de films, musique latine&#8230;<\/p>\n\n\n\n<p>De nombreux concerts et projets ont lieu chaque ann\u00e9e dans un souci de qualit\u00e9, mais dans un esprit d&rsquo;\u00e9change, de convivialit\u00e9 et de bonne humeur!<\/p>\n\n\n\n<p class=\"has-vivid-red-color has-text-color has-large-font-size\"><strong>R\u00e9p\u00e9titions<\/strong><\/p>\n\n\n\n<div class=\"wp-block-media-text alignwide is-stacked-on-mobile\" style=\"grid-template-columns:38% auto\"><figure class=\"wp-block-media-text__media\"><img loading=\"lazy\" decoding=\"async\" width=\"1024\" height=\"681\" src=\"https:\/\/www.ensembleharmoniquestmichel91.fr\/wp-content\/uploads\/2021\/09\/centre-culturel-baschet-cote\u0301-conservatoire-1024x681.jpg\" alt=\"\" class=\"wp-image-186 size-full\" srcset=\"https:\/\/www.ensembleharmoniquestmichel91.fr\/wp-content\/uploads\/2021\/09\/centre-culturel-baschet-cote\u0301-conservatoire-1024x681.jpg 1024w, https:\/\/www.ensembleharmoniquestmichel91.fr\/wp-content\/uploads\/2021\/09\/centre-culturel-baschet-cote\u0301-conservatoire-300x200.jpg 300w, https:\/\/www.ensembleharmoniquestmichel91.fr\/wp-content\/uploads\/2021\/09\/centre-culturel-baschet-cote\u0301-conservatoire-768x511.jpg 768w, https:\/\/www.ensembleharmoniquestmichel91.fr\/wp-content\/uploads\/2021\/09\/centre-culturel-baschet-cote\u0301-conservatoire-1536x1022.jpg 1536w, https:\/\/www.ensembleharmoniquestmichel91.fr\/wp-content\/uploads\/2021\/09\/centre-culturel-baschet-cote\u0301-conservatoire-1140x759.jpg 1140w, https:\/\/www.ensembleharmoniquestmichel91.fr\/wp-content\/uploads\/2021\/09\/centre-culturel-baschet-cote\u0301-conservatoire.jpg 2000w\" sizes=\"auto, (max-width: 1024px) 100vw, 1024px\" \/><\/figure><div class=\"wp-block-media-text__content\">\n<p class=\"has-normal-font-size\">Chaque <strong>vendredi<\/strong> selon calendrier scolaire de <strong>20h45 \u00e0 23h<\/strong><\/p>\n\n\n\n<p class=\"has-normal-font-size\">au <strong>Centre Culturel Baschet<\/strong> au sein de l&rsquo;Ecole d&rsquo;Art de la ville<\/p>\n\n\n\n<p class=\"has-normal-font-size\"><strong>5 place du March\u00e9 &#8211;&nbsp;91240 Saint Michel sur Orge<\/strong><\/p>\n<\/div><\/div>\n\n\n\n<p class=\"has-text-align-left has-white-background-color has-background has-large-font-size\"><mark style=\"background-color:rgba(0, 0, 0, 0)\" class=\"has-inline-color has-vivid-red-color\"><strong>Rejoignez nous comme Chef ou Cheffe d&rsquo;Orchestre!<\/strong><\/mark><\/p>\n\n\n\n<p><strong>Profil souhait\u00e9<\/strong><\/p>\n\n\n\n<ul class=\"wp-block-list\">\n<li>Formation \u00e0 la Direction d\u2019Orchestre<\/li>\n\n\n\n<li>Une exp\u00e9rience dans la direction d\u2019un orchestre amateur serait un plus<\/li>\n\n\n\n<li>Grande motivation \u00e0 diriger un orchestre amateur, esprit ouvert, communicatif et capacit\u00e9<br>\u00e0 \u0153uvrer en commun avec le bureau de l\u2019association.<\/li>\n<\/ul>\n\n\n\n<div class=\"wp-block-columns is-layout-flex wp-container-core-columns-is-layout-28f84493 wp-block-columns-is-layout-flex\">\n<div class=\"wp-block-column is-layout-flow wp-block-column-is-layout-flow\">\n<p><strong>D\u00e9finition du Poste<\/strong><\/p>\n\n\n\n<ul class=\"wp-block-list\">\n<li>Direction de l\u2019orchestre : 2 h de r\u00e9p\u00e9tition par semaine le vendredi soir<br>(lieu : principalement dans les locaux de l\u2019Ecole d\u2019Arts de Saint-Michel-sur-Orge)<\/li>\n\n\n\n<li>Environ 40 r\u00e9p\u00e9titions par saison musicale (tr\u00eave estivale)<\/li>\n\n\n\n<li>Programme musical \u00e9labor\u00e9 en commun avec le bureau de l\u2019association et les musiciens<br>(sur propositions de musiciens, du chef ou du bureau)<\/li>\n\n\n\n<li>10 \u00e0 20 prestations annuelles<br>(concerts, animations, comm\u00e9morations officielles, spectacles pluri-associatifs,<br>festival annuel d\u2019harmonies et orchestres \u00e0 vents, organis\u00e9 par l\u2019association)<\/li>\n\n\n\n<li>Quelques d\u00e9placements pour concerts<\/li>\n\n\n\n<li>Statut salari\u00e9 (r\u00e9mun\u00e9ration horaire + frais de d\u00e9placements, \u00e0 d\u00e9battre)<br><\/li>\n<\/ul>\n<\/div>\n\n\n\n<div class=\"wp-block-column is-layout-flow wp-block-column-is-layout-flow\">\n<p><strong>Planning<\/strong><\/p>\n\n\n\n<ul class=\"wp-block-list\">\n<li>Entretiens en septembre et octobre<\/li>\n\n\n\n<li>R\u00e9p\u00e9titions d\u2019essais \u00e0 compter de mi-octobre 2023<\/li>\n\n\n\n<li>Prise de fonction \u00e0 compter de novembre 2023 (p\u00e9riode probatoire d\u2019un mois)<\/li>\n<\/ul>\n\n\n\n<div class=\"wp-block-media-text alignwide is-stacked-on-mobile\"><figure class=\"wp-block-media-text__media\"><img loading=\"lazy\" decoding=\"async\" width=\"1024\" height=\"683\" src=\"https:\/\/www.ensembleharmoniquestmichel91.fr\/wp-content\/uploads\/2022\/01\/IMG-20210114-WA0004-1024x683.jpg\" alt=\"\" class=\"wp-image-440 size-full\" srcset=\"https:\/\/www.ensembleharmoniquestmichel91.fr\/wp-content\/uploads\/2022\/01\/IMG-20210114-WA0004-1024x683.jpg 1024w, https:\/\/www.ensembleharmoniquestmichel91.fr\/wp-content\/uploads\/2022\/01\/IMG-20210114-WA0004-300x200.jpg 300w, https:\/\/www.ensembleharmoniquestmichel91.fr\/wp-content\/uploads\/2022\/01\/IMG-20210114-WA0004-768x512.jpg 768w, https:\/\/www.ensembleharmoniquestmichel91.fr\/wp-content\/uploads\/2022\/01\/IMG-20210114-WA0004-1140x760.jpg 1140w, https:\/\/www.ensembleharmoniquestmichel91.fr\/wp-content\/uploads\/2022\/01\/IMG-20210114-WA0004.jpg 1500w\" sizes=\"auto, (max-width: 1024px) 100vw, 1024px\" \/><\/figure><div class=\"wp-block-media-text__content\">\n<p>Concert mai 2023 au <strong><em>Kiosque du Jardin de Luxembourg<\/em><\/strong><\/p>\n<\/div><\/div>\n<\/div>\n<\/div>\n","protected":false},"excerpt":{"rendered":"<p>Rejoignez nous comme musiciens! Tout \u00e2ge et tout niveau accept\u00e9 dans les pupitres suivants : trompettes, tubas, euphonium, basses, saxophones, fl\u00fbtes, clarinettes, hautbois, basson Niveau demand\u00e9 : musiciens sachant lire la musique R\u00e9pertoire Classique, traditionnelle, jazz, vari\u00e9t\u00e9, musique de films, musique latine&#8230; De nombreux concerts et projets ont lieu chaque ann\u00e9e dans un souci de qualit\u00e9, mais dans un esprit d&rsquo;\u00e9change, de convivialit\u00e9 et de bonne humeur! R\u00e9p\u00e9titions Chaque vendredi selon calendrier scolaire de 20h45 \u00e0 23h au Centre Culturel Baschet au sein de l&rsquo;Ecole d&rsquo;Art de la ville 5 place du March\u00e9 &#8211;&nbsp;91240 Saint Michel sur Orge Rejoignez nous comme Chef ou Cheffe d&rsquo;Orchestre! Profil souhait\u00e9 D\u00e9finition du Poste Planning Concert mai 2023 au Kiosque du Jardin de Luxembourg<\/p>\n","protected":false},"author":1,"featured_media":0,"parent":0,"menu_order":0,"comment_status":"closed","ping_status":"closed","template":"","meta":{"footnotes":""},"class_list":["post-185","page","type-page","status-publish","hentry"],"_links":{"self":[{"href":"https:\/\/www.ensembleharmoniquestmichel91.fr\/index.php\/wp-json\/wp\/v2\/pages\/185","targetHints":{"allow":["GET"]}}],"collection":[{"href":"https:\/\/www.ensembleharmoniquestmichel91.fr\/index.php\/wp-json\/wp\/v2\/pages"}],"about":[{"href":"https:\/\/www.ensembleharmoniquestmichel91.fr\/index.php\/wp-json\/wp\/v2\/types\/page"}],"author":[{"embeddable":true,"href":"https:\/\/www.ensembleharmoniquestmichel91.fr\/index.php\/wp-json\/wp\/v2\/users\/1"}],"replies":[{"embeddable":true,"href":"https:\/\/www.ensembleharmoniquestmichel91.fr\/index.php\/wp-json\/wp\/v2\/comments?post=185"}],"version-history":[{"count":22,"href":"https:\/\/www.ensembleharmoniquestmichel91.fr\/index.php\/wp-json\/wp\/v2\/pages\/185\/revisions"}],"predecessor-version":[{"id":980,"href":"https:\/\/www.ensembleharmoniquestmichel91.fr\/index.php\/wp-json\/wp\/v2\/pages\/185\/revisions\/980"}],"wp:attachment":[{"href":"https:\/\/www.ensembleharmoniquestmichel91.fr\/index.php\/wp-json\/wp\/v2\/media?parent=185"}],"curies":[{"name":"wp","href":"https:\/\/api.w.org\/{rel}","templated":true}]}}